{"id":3893,"date":"2025-05-15T15:15:04","date_gmt":"2025-05-15T13:15:04","guid":{"rendered":"https:\/\/grand-cerf.geek-tonic.dev\/politique-de-confidentialite\/"},"modified":"2026-04-20T13:23:47","modified_gmt":"2026-04-20T11:23:47","slug":"politica-de-privacidad","status":"publish","type":"page","link":"https:\/\/grand-cerf.geek-tonic.dev\/es\/politica-de-privacidad\/","title":{"rendered":"Pol\u00edtica de privacidad"},"content":{"rendered":"\n<section class=\"wp-block-group alignwide page-one has-global-padding is-layout-constrained wp-container-core-group-is-layout-f4457c25 wp-block-group-is-layout-constrained\" style=\"margin-top:0rem;padding-top:0;padding-right:0px;padding-bottom:0;padding-left:0px\">\n<div style=\"height:30px\" aria-hidden=\"true\" class=\"wp-block-spacer gt-hide-mobile\"><\/div>\n\n\n\n<h1 class=\"wp-block-heading has-text-align-center has-contrast-color has-text-color has-link-color wp-elements-0e07c4821de5c1a2322651a7ab6c96a4\" style=\"padding-bottom:var(--wp--preset--spacing--20);padding-left:0\">Pol\u00edtica de privacidad<\/h1>\n\n\n\n<p>PROPIETARIO DEL SITIO: SARL LA CHALEYSSINOISE <br\/>SITIO WEB: grand-cerf.geek-tonic.dev <\/p>\n\n\n\n<p>Desc\u00fabrelo todo sobre el PROPIETARIO DEL SITIO WEB en la p\u00e1gina <a href=\"https:\/\/grand-cerf.geek-tonic.dev\/es\/informacion-legal\/\">de informaci\u00f3n legal<\/a>.<\/p>\n\n\n\n<p>El PROPIETARIO DE LA WEB desea informar a los Usuarios y Clientes de su Sitio Web que su pol\u00edtica respecto del tratamiento y protecci\u00f3n de los datos de car\u00e1cter personal de las personas que voluntariamente utilicen los formularios de contacto para dirigirse al PROPIETARIO DE LA WEB, as\u00ed como el acceso a su propio sitio, implica la comunicaci\u00f3n de sus datos personales al PROPIETARIO DE LA WEB.<\/p>\n\n\n\n<h2 class=\"wp-block-heading has-custom-color-1-color has-text-color has-link-color has-retcaro-font-family wp-elements-6e44658cc8d02417f3a7265a91c4da6a\" style=\"font-size:clamp(1.743rem, 1.743rem + ((1vw - 0.2rem) * 2.095), 3rem);line-height:1\">Identificaci\u00f3n del responsable del tratamiento<\/h2>\n\n\n\n<p>El PROPIETARIO DEL SITIO WEB informa a los Usuarios y clientes de su Sitio Web de la existencia de un registro automatizado de actividades de datos de car\u00e1cter personal, donde se recogen y almacenan los datos personales comunicados por los Usuarios y clientes. para gestionar la demanda. <br\/>Puedes consultar nuestra Pol\u00edtica de cookies y nuestra Carta de confidencialidad en este sitio en cualquier momento.<\/p>\n\n\n\n<h2 class=\"wp-block-heading has-custom-color-1-color has-text-color has-link-color has-retcaro-font-family wp-elements-1bb5cfab672c4cbf273aa2a555d8a835\" style=\"font-size:clamp(1.743rem, 1.743rem + ((1vw - 0.2rem) * 2.095), 3rem);line-height:1\">Actualizaciones pol\u00edticas<\/h2>\n\n\n\n<p>El PROPIETARIO DE LA WEB no solicita a los usuarios de Internet que la visitan ning\u00fan tipo de informaci\u00f3n, s\u00f3lo datos meramente identificativos, por lo que la comunicaci\u00f3n de datos personales por parte del usuario al PROPIETARIO DE LA WEB a trav\u00e9s de su sitio web s\u00f3lo tendr\u00e1 lugar cuando el usuario utilice voluntariamente el formulario de contacto u otro medio de comunicaci\u00f3n para ponerse en contacto con el PROPIETARIO DE LA WEB, en cuyo caso el tratamiento de los datos es inevitable e impl\u00edcito en el sistema de comunicaci\u00f3n.  <br\/>Para estos casos y los descritos en el apartado siguiente, la entidad informa al Cliente\/Usuario que el tratamiento de los datos se realiza con las siguientes finalidades: llevar a cabo todos los tr\u00e1mites relacionados con la elaboraci\u00f3n de presupuestos, contrataci\u00f3n y prestaci\u00f3n de servicios\/servicios del PROPIETARIO DE LA WEB, a la empresa a la que pertenece o, en su caso, al interesado que lo solicite. Adem\u00e1s de responder a las necesidades y consultas de las comunicaciones recibidas y de prospecci\u00f3n comercial para mantener informados a los usuarios de posibles promociones. <\/p>\n\n\n\n<h2 class=\"wp-block-heading has-custom-color-1-color has-text-color has-link-color has-retcaro-font-family wp-elements-406373f986f19178a5370a51fb959097\" style=\"font-size:clamp(1.743rem, 1.743rem + ((1vw - 0.2rem) * 2.095), 3rem);line-height:1\">Finalidad del registro de actividades<\/h2>\n\n\n\n<p>El PROPIETARIO DE LA WEB modificar\u00e1 la Pol\u00edtica de privacidad sin previo aviso si fuera necesario, para adaptarla a cualquier modificaci\u00f3n legislativa, reglamentaria, jurisprudencial, administrativa o para adaptar dicha pol\u00edtica a las instrucciones dictadas por la Agencia de Protecci\u00f3n de Datos.  <br\/>Cualquier cambio en esta pol\u00edtica ser\u00e1 publicado y anunciado en el sitio del PROPIETARIO DE LA WEB.  <br\/>Por todo lo anterior, el PROPIETARIO DE LA WEB recomienda a los usuarios la lectura peri\u00f3dica de estas pol\u00edticas con el fin de estar al corriente de los cambios que se produzcan.<\/p>\n\n\n\n<h2 class=\"wp-block-heading has-custom-color-1-color has-text-color has-link-color has-retcaro-font-family wp-elements-72c2150f1461fedcabc5f64c11dbba8a\" style=\"font-size:clamp(1.743rem, 1.743rem + ((1vw - 0.2rem) * 2.095), 3rem);line-height:1\">Consentimiento<\/h2>\n\n\n\n<p>Le informamos que, cuando el Usuario no mantenga una relaci\u00f3n comercial con el PROPIETARIO DE LA WEB y env\u00ede un correo electr\u00f3nico o una comunicaci\u00f3n al PROPIETARIO DE LA WEB, indicando otros datos de car\u00e1cter personal, dicho Usuario prestar\u00e1 su consentimiento libre, expreso, espec\u00edfico e inequ\u00edvoco para el tratamiento de sus datos personales por el PROPIETARIO DE LA WEB, con las finalidades antes indicadas, as\u00ed como para contestar a sus mensajes o remitir documentaci\u00f3n.  <br\/>Asimismo, el PROPIETARIO DE LA WEB informa que, en caso de que el Cliente\/Usuario env\u00ede un correo electr\u00f3nico o comunique al PROPIETARIO DE LA WEB sus datos de car\u00e1cter personal por raz\u00f3n del cargo que ostenta en una empresa, como administrador, directivo, representante y\/o cualquier otro cargo como persona de contacto en la empresa, se entender\u00e1 que dicha comunicaci\u00f3n implica su consentimiento libre, inequ\u00edvoco, espec\u00edfico, informado y expreso para el tratamiento de sus datos personales por el PROPIETARIO DE LA WEB, para las finalidades anteriormente establecidas.<\/p>\n\n\n\n<h2 class=\"wp-block-heading has-custom-color-1-color has-text-color has-link-color has-retcaro-font-family wp-elements-f6686bc85414dda3b1396024a3aa62af\" style=\"font-size:clamp(1.743rem, 1.743rem + ((1vw - 0.2rem) * 2.095), 3rem);line-height:1\">Identificaci\u00f3n de los destinatarios<\/h2>\n\n\n\n<p>Identificaci\u00f3n de los destinatarios para los que el PROPIETARIO DE LA P\u00c1GINA WEB planea compartir o acceder a datos en nombre de terceros.  <br\/>El PROPIETARIO DE LA WEB \u00fanicamente pretende compartir o acceder a los datos que, en raz\u00f3n del Reglamento (UE) 2016\/679 del Parlamento Europeo y del Consejo de 27 de abril de 2016 (en adelante RGPD) deba llevar a cabo para el cumplimiento de sus obligaciones con las Administraciones P\u00fablicas, Organismos o personas directamente relacionadas con el PROPIETARIO DE LA WEB, en los casos exigidos de acuerdo con la Legislaci\u00f3n vigente en cada materia y en cada momento o en los casos en que haya consentido expresamente.  <br\/>Asimismo, el PROPIETARIO DE LA WEB informa al Usuario que cualquier otra cesi\u00f3n de datos que vaya a realizar ser\u00e1 puesta en su conocimiento conforme a lo previsto en el RGPD, inform\u00e1ndole de manera expresa, precisa e inequ\u00edvoca, de los destinatarios de la informaci\u00f3n, de la finalidad para la que se van a utilizar los datos, de la naturaleza de los datos cedidos o, en su caso, cuando as\u00ed lo establezca el RGPD, se solicitar\u00e1 previamente el consentimiento espec\u00edfico, inequ\u00edvoco e informado del Usuario.  <br\/>No obstante, el PROPIETARIO DE LA WEB informa al Usuario y al Cliente que cualquier tratamiento de datos de car\u00e1cter personal est\u00e1 sujeto a la legislaci\u00f3n vigente en Europa en materia de protecci\u00f3n de datos, establecida por el RGPD y su normativa complementaria y de desarrollo. En este sentido, el PROPIETARIO DE LA WEB es el \u00fanico responsable y garantiza la confidencialidad de los datos de car\u00e1cter personal solicitados al Usuario a trav\u00e9s de la WEB. <\/p>\n\n\n\n<h2 class=\"wp-block-heading has-custom-color-1-color has-text-color has-link-color has-retcaro-font-family wp-elements-ff3f3a847a16ca34bd27784caef7fa98\" style=\"font-size:clamp(1.743rem, 1.743rem + ((1vw - 0.2rem) * 2.095), 3rem);line-height:1\">Calidad de los datos<\/h2>\n\n\n\n<p>El PROPIETARIO DE LA WEB advierte al Usuario que, salvo la existencia de una representaci\u00f3n legalmente constituida, ning\u00fan Usuario podr\u00e1 utilizar la identidad de otra persona y comunicar sus datos personales, por lo que el Usuario deber\u00e1 tener en cuenta en todo momento que s\u00f3lo podr\u00e1 incluir datos personales correspondientes a su propia identidad y que deber\u00e1n ser adecuados, pertinentes, actuales, exactos y verdaderos.  <br\/>A estos efectos, el Usuario ser\u00e1 el \u00fanico responsable de cualquier da\u00f1o, directo y\/o indirecto, que cause a terceros o al PROPIETARIO DE LA WEB, por el uso de datos personales de otra persona o de sus propios datos personales cuando sean falsos, err\u00f3neos, obsoletos, inadecuados o no pertinentes. Asimismo, el Usuario que utilice los datos personales de un tercero responder\u00e1 frente a dicho tercero en virtud de la obligaci\u00f3n de informaci\u00f3n prevista en el RGPD en caso de no obtener los datos personales del interesado y\/o de las consecuencias de no informarle. <\/p>\n\n\n\n<h2 class=\"wp-block-heading has-custom-color-1-color has-text-color has-link-color has-retcaro-font-family wp-elements-42dc9b9340bb6b6c5548095908af6c3a\" style=\"font-size:clamp(1.743rem, 1.743rem + ((1vw - 0.2rem) * 2.095), 3rem);line-height:1\">Ejercicio de los derechos<\/h2>\n\n\n\n<p>Ejercicio de los derechos de acceso, rectificaci\u00f3n, limitaci\u00f3n del tratamiento, portabilidad, cancelaci\u00f3n, oposici\u00f3n al tratamiento y supresi\u00f3n de datos <br\/>El PROPIETARIO DE LA WEB informa al Usuario de la posibilidad de ejercer sus derechos de acceso, rectificaci\u00f3n, limitaci\u00f3n del tratamiento, portabilidad, oposici\u00f3n al tratamiento y supresi\u00f3n de sus datos, as\u00ed como el derecho a presentar una reclamaci\u00f3n ante la Autoridad de Control, dirigi\u00e9ndose por escrito al PROPIETARIO DE LA WEB en la siguiente direcci\u00f3n El PROPIETARIO DE LA WEB informa al Usuario de la posibilidad de ejercer sus derechos de acceso, rectificaci\u00f3n, limitaci\u00f3n del tratamiento, portabilidad, oposici\u00f3n al tratamiento y supresi\u00f3n de sus datos, as\u00ed como el derecho a presentar una reclamaci\u00f3n ante la Autoridad de Control, dirigi\u00e9ndose por escrito al PROPIETARIO DE LA WEB a la direcci\u00f3n postal o electr\u00f3nica arriba indicada, adjuntando en ambos casos copia de su DNI.<\/p>\n\n\n\n<h2 class=\"wp-block-heading has-custom-color-1-color has-text-color has-link-color has-retcaro-font-family wp-elements-c81acc40b5d3abc693c82c08e5b9402d\" style=\"font-size:clamp(1.743rem, 1.743rem + ((1vw - 0.2rem) * 2.095), 3rem);line-height:1\">Formularios de contacto<\/h2>\n\n\n\n<p>Utilizaci\u00f3n de formularios de recogida de datos de car\u00e1cter personal <br\/>En los formularios de contacto disponibles en el SITIO WEB, en los que se recaben datos de car\u00e1cter personal, el Usuario deber\u00e1 consentir expresamente, con car\u00e1cter previo a su env\u00edo, la aceptaci\u00f3n y conocimiento de la pol\u00edtica de privacidad mediante la cumplimentaci\u00f3n del check \u00abHe le\u00eddo y acepto la pol\u00edtica de privacidad\/ficha\u00bb, a cuyo contenido podr\u00e1 acceder a trav\u00e9s del enlace adjunto que permite acceder al presente Aviso legal y\/o Pol\u00edtica de privacidad. Si el campo de verificaci\u00f3n no es marcado por el Usuario, los datos contenidos en estos formularios no ser\u00e1n enviados. <\/p>\n\n\n\n<h2 class=\"wp-block-heading has-custom-color-1-color has-text-color has-link-color has-retcaro-font-family wp-elements-676e6da5bbe91852d29dc28464f64844\" style=\"font-size:clamp(1.743rem, 1.743rem + ((1vw - 0.2rem) * 2.095), 3rem);line-height:1\">Medidas de seguridad<\/h2>\n\n\n\n<p>Medidas de seguridad adoptadas en relaci\u00f3n con el tratamiento de datos de car\u00e1cter personal <br\/>El PROPIETARIO DE LA WEB informa al usuario de que, en cumplimiento de lo establecido en el RGPD, ha adoptado las medidas de \u00edndole t\u00e9cnica y organizativas necesarias para garantizar la seguridad de los datos de car\u00e1cter personal y evitar su alteraci\u00f3n, p\u00e9rdida, tratamiento o acceso no autorizado, habida cuenta del estado de la tecnolog\u00eda, la naturaleza de los datos almacenados y los riesgos a que est\u00e1n expuestos. Asimismo, el PROPIETARIO DE LA WEB se compromete, frente a los usuarios, al cumplimiento de sus obligaciones de secreto profesional respecto de los datos de car\u00e1cter personal de dichos usuarios y de sus obligaciones de guardarlos. <\/p>\n\n\n\n<h2 class=\"wp-block-heading has-custom-color-1-color has-text-color has-link-color has-retcaro-font-family wp-elements-0a3b7a30f7bf18f059e8eda0ea86fa8b\" style=\"font-size:clamp(1.743rem, 1.743rem + ((1vw - 0.2rem) * 2.095), 3rem);line-height:1\">M\u00e1s informaci\u00f3n<\/h2>\n\n\n\n<p>M\u00e1s informaci\u00f3n sobre nuestra Pol\u00edtica de privacidad.  <br\/>Si deseas obtener m\u00e1s informaci\u00f3n sobre nuestra Pol\u00edtica de privacidad, puedes hacer clic en los enlaces que aparecen en la parte inferior de las p\u00e1ginas \u00abPol\u00edtica de privacidad\u00bb y \u00abPol\u00edtica de cookies\u00bb de nuestro sitio web.<\/p>\n\n\n\n<div style=\"height:100px\" aria-hidden=\"true\" class=\"wp-block-spacer gt-hide-mobile\"><\/div>\n<\/section>\n","protected":false},"excerpt":{"rendered":"<p>Pol\u00edtica de privacidad PROPIETARIO DEL SITIO: SARL LA CHALEYSSINOISE SITIO WEB: grand-cerf.geek-tonic.dev Desc\u00fabrelo todo sobre el PROPIETARIO DEL SITIO WEB en la p\u00e1gina de informaci\u00f3n legal. El PROPIETARIO DE LA WEB desea informar a los Usuarios y Clientes de su Sitio Web que su pol\u00edtica respecto del tratamiento y protecci\u00f3n de los datos de car\u00e1cter [&hellip;]<\/p>\n","protected":false},"author":1,"featured_media":3895,"parent":0,"menu_order":0,"comment_status":"closed","ping_status":"open","template":"","meta":{"_seopress_robots_primary_cat":"","_seopress_titles_title":"Pol\u00edtica de privacidad","_seopress_titles_desc":"","_seopress_robots_index":"yes","_gt_ctv_global_id":"","_gt_ctv_id_group":false,"inline_featured_image":false,"gt_fse_maillage_image":"https:\/\/grand-cerf.geek-tonic.dev\/wp-content\/uploads\/2026\/04\/politique-de-confidentialite-camping-grand-cerf.jpg","gt_fse_maillage_titre":"Pol\u00edtica de privacidad","gt_fse_maillage_alt":"pol\u00edtica de privacidad camping grand cerf","gt_fse_maillage_resume":"","footnotes":""},"categories":[],"tags":[],"class_list":["post-3893","page","type-page","status-publish","has-post-thumbnail","hentry"],"_links":{"self":[{"href":"https:\/\/grand-cerf.geek-tonic.dev\/es\/wp-json\/wp\/v2\/pages\/3893","targetHints":{"allow":["GET"]}}],"collection":[{"href":"https:\/\/grand-cerf.geek-tonic.dev\/es\/wp-json\/wp\/v2\/pages"}],"about":[{"href":"https:\/\/grand-cerf.geek-tonic.dev\/es\/wp-json\/wp\/v2\/types\/page"}],"author":[{"embeddable":true,"href":"https:\/\/grand-cerf.geek-tonic.dev\/es\/wp-json\/wp\/v2\/users\/1"}],"replies":[{"embeddable":true,"href":"https:\/\/grand-cerf.geek-tonic.dev\/es\/wp-json\/wp\/v2\/comments?post=3893"}],"version-history":[{"count":6,"href":"https:\/\/grand-cerf.geek-tonic.dev\/es\/wp-json\/wp\/v2\/pages\/3893\/revisions"}],"predecessor-version":[{"id":4502,"href":"https:\/\/grand-cerf.geek-tonic.dev\/es\/wp-json\/wp\/v2\/pages\/3893\/revisions\/4502"}],"wp:featuredmedia":[{"embeddable":true,"href":"https:\/\/grand-cerf.geek-tonic.dev\/es\/wp-json\/wp\/v2\/media\/3895"}],"wp:attachment":[{"href":"https:\/\/grand-cerf.geek-tonic.dev\/es\/wp-json\/wp\/v2\/media?parent=3893"}],"wp:term":[{"taxonomy":"category","embeddable":true,"href":"https:\/\/grand-cerf.geek-tonic.dev\/es\/wp-json\/wp\/v2\/categories?post=3893"},{"taxonomy":"post_tag","embeddable":true,"href":"https:\/\/grand-cerf.geek-tonic.dev\/es\/wp-json\/wp\/v2\/tags?post=3893"}],"curies":[{"name":"wp","href":"https:\/\/api.w.org\/{rel}","templated":true}]}}