{"id":3912,"date":"2025-05-15T15:15:04","date_gmt":"2025-05-15T13:15:04","guid":{"rendered":"https:\/\/grand-cerf.geek-tonic.dev\/datenschutzrichtlinie\/"},"modified":"2026-04-20T13:23:24","modified_gmt":"2026-04-20T11:23:24","slug":"datenschutzrichtlinie","status":"publish","type":"page","link":"https:\/\/grand-cerf.geek-tonic.dev\/de\/datenschutzrichtlinie\/","title":{"rendered":"Datenschutzrichtlinie"},"content":{"rendered":"\n<section class=\"wp-block-group alignwide page-one has-global-padding is-layout-constrained wp-container-core-group-is-layout-f4457c25 wp-block-group-is-layout-constrained\" style=\"margin-top:0rem;padding-top:0;padding-right:0px;padding-bottom:0;padding-left:0px\">\n<div style=\"height:30px\" aria-hidden=\"true\" class=\"wp-block-spacer gt-hide-mobile\"><\/div>\n\n\n\n<h1 class=\"wp-block-heading has-text-align-center has-contrast-color has-text-color has-link-color wp-elements-244136b39d528a8811988681f927c68d\" style=\"padding-bottom:var(--wp--preset--spacing--20);padding-left:0\">Datenschutzrichtlinie<\/h1>\n\n\n\n<p>EIGENT\u00dcMER DER WEBSEITE: SARL LA CHALEYSSINOISE <br\/>WEBSEITE: grand-cerf.geek-tonic.dev <\/p>\n\n\n\n<p>Entdecken Sie alle unsere Informationen \u00fcber den EIGENT\u00dcMER DER WEBSITE auf der Seite <a href=\"https:\/\/grand-cerf.geek-tonic.dev\/de\/impressum\/\">Impressum<\/a>.<\/p>\n\n\n\n<p>Der WEBSEITENEIGENT\u00dcMER m\u00f6chte die Benutzer und Kunden seiner Webseite dar\u00fcber informieren, dass die Politik in Bezug auf die Verarbeitung und den Schutz der pers\u00f6nlichen Daten von Personen, die freiwillig die Kontaktformulare benutzen, um den WEBSEITENEIGENT\u00dcMER zu kontaktieren, sowie den Zugang zu seiner eigenen Webseite, die Weitergabe Ihrer pers\u00f6nlichen Daten an den WEBSEITENEIGENT\u00dcMER beinhaltet.<\/p>\n\n\n\n<h2 class=\"wp-block-heading has-custom-color-1-color has-text-color has-link-color has-retcaro-font-family wp-elements-c7dd54ecc73c5db5dcb3b8e203c41dfc\" style=\"font-size:clamp(1.743rem, 1.743rem + ((1vw - 0.2rem) * 2.095), 3rem);line-height:1\">Identifikation des f\u00fcr die Verarbeitung Verantwortlichen<\/h2>\n\n\n\n<p>Der EIGENT\u00dcMER DER WEBSITE informiert den Benutzer und den Kunden seiner Website \u00fcber die Existenz eines automatisierten Registers f\u00fcr pers\u00f6nliche Daten, in dem die vom Benutzer und vom Kunden \u00fcbermittelten pers\u00f6nlichen Daten gesammelt und gespeichert werden. um die Nachfrage zu verwalten. <br\/>Sie k\u00f6nnen unsere Cookie-Richtlinie und Datenschutzrichtlinie jederzeit auf dieser Website einsehen.<\/p>\n\n\n\n<h2 class=\"wp-block-heading has-custom-color-1-color has-text-color has-link-color has-retcaro-font-family wp-elements-d832ec9400aaeeea7144c90f1ed91577\" style=\"font-size:clamp(1.743rem, 1.743rem + ((1vw - 0.2rem) * 2.095), 3rem);line-height:1\">Aktualisierung der Politik<\/h2>\n\n\n\n<p>Der EIGENT\u00dcMER DER WEBSITE fordert keine Informationen von den Internetnutzern an, die seine Website besuchen, sondern nur rein identifizierende Daten, weshalb die \u00dcbermittlung pers\u00f6nlicher Daten durch den Nutzer an den EIGENT\u00dcMER DER WEBSITE \u00fcber seine Website nur dann stattfindet, wenn der Nutzer freiwillig das Kontaktformular oder andere Kommunikationsmittel benutzt, um den EIGENT\u00dcMER DER WEBSITE zu kontaktieren, in diesem Fall ist die Verarbeitung der Daten unvermeidlich und implizit im Kommunikationssystem enthalten.  <br\/>F\u00fcr diese und die im folgenden Abschnitt beschriebenen F\u00e4lle informiert das Unternehmen den Kunden\/Nutzer, dass die Verarbeitung der Daten zu folgenden Zwecken erfolgt: Durchf\u00fchrung aller Verfahren im Zusammenhang mit der Erstellung von Budgets, Vertr\u00e4gen und der Erbringung von Diensten\/Leistungen des EIGENT\u00dcMERS DER WEBSITE, der Gesellschaft, der er angeh\u00f6rt, oder, in seinem Fall, der interessierten Partei, die dies beantragt. Zus\u00e4tzlich zur Erf\u00fcllung von Bed\u00fcrfnissen, zur Beantwortung von Fragen in den erhaltenen Mitteilungen und zu Marketingzwecken, um die Nutzer \u00fcber m\u00f6gliche Werbeaktionen auf dem Laufenden zu halten. <\/p>\n\n\n\n<h2 class=\"wp-block-heading has-custom-color-1-color has-text-color has-link-color has-retcaro-font-family wp-elements-3fe8cfb2ceffbaa375f8e604ef93252a\" style=\"font-size:clamp(1.743rem, 1.743rem + ((1vw - 0.2rem) * 2.095), 3rem);line-height:1\">Zweck des Aktivit\u00e4tenregisters<\/h2>\n\n\n\n<p>Der EIGENT\u00dcMER DER WEBSITE wird die Datenschutzrichtlinie ohne vorherige Ank\u00fcndigung \u00e4ndern, wenn dies erforderlich ist, um sie an \u00c4nderungen in der Gesetzgebung, den Vorschriften, der Rechtsprechung oder der Verwaltung anzupassen oder um die Datenschutzrichtlinie an die von der Datenschutzbeh\u00f6rde herausgegebenen Anweisungen anzupassen.  <br\/>Alle \u00c4nderungen dieser Richtlinien werden auf der Website des WEBSITE-EIGENT\u00dcMERS ver\u00f6ffentlicht und bekannt gegeben.  <br\/>Der EIGENT\u00dcMER DER WEBSITE empfiehlt den Nutzern, diese Richtlinien regelm\u00e4\u00dfig zu lesen, um sich \u00fcber \u00c4nderungen zu informieren.<\/p>\n\n\n\n<h2 class=\"wp-block-heading has-custom-color-1-color has-text-color has-link-color has-retcaro-font-family wp-elements-f8fd6505db394f425040cd9ea745e298\" style=\"font-size:clamp(1.743rem, 1.743rem + ((1vw - 0.2rem) * 2.095), 3rem);line-height:1\">Zustimmung<\/h2>\n\n\n\n<p>Wir weisen darauf hin, dass, wenn der Nutzer keine Gesch\u00e4ftsbeziehung mit dem WEBSEITENEIGENT\u00dcMER unterh\u00e4lt und eine E-Mail oder Mitteilung an den WEBSEITENEIGENT\u00dcMER sendet und dabei andere pers\u00f6nliche Daten angibt, der Nutzer seine freie, ausdr\u00fcckliche, spezifische und unmissverst\u00e4ndliche Zustimmung zur Verarbeitung seiner pers\u00f6nlichen Daten durch den WEBSEITENEIGENT\u00dcMER zu den oben genannten Zwecken sowie zur Beantwortung seiner Nachrichten oder zur Zusendung von Material gibt.  <br\/>Ebenso informiert der WEBSEITENEIGENT\u00dcMER, dass, wenn der Kunde\/Nutzer dem WEBSEITENEIGENT\u00dcMER seine pers\u00f6nlichen Daten aufgrund seiner Position in einem Unternehmen als Direktor, Manager, Vertreter und\/oder einer anderen Position als Kontaktperson in dem Unternehmen per E-Mail oder anderweitig mitteilt, diese Mitteilung seine freie, unmissverst\u00e4ndliche, spezifische, informierte und ausdr\u00fcckliche Zustimmung zur Verarbeitung seiner pers\u00f6nlichen Daten durch den WEBSEITENEIGENT\u00dcMER f\u00fcr die zuvor festgelegten Zwecke beinhaltet.<\/p>\n\n\n\n<h2 class=\"wp-block-heading has-custom-color-1-color has-text-color has-link-color has-retcaro-font-family wp-elements-ef4e26143b43fb41a969d3762fc00027\" style=\"font-size:clamp(1.743rem, 1.743rem + ((1vw - 0.2rem) * 2.095), 3rem);line-height:1\">Identifikation der Adressaten<\/h2>\n\n\n\n<p>Identifizierung der Empf\u00e4nger, f\u00fcr die der EIGENT\u00dcMER DER WEBSITE die Weitergabe von oder den Zugriff auf Daten im Namen von Dritten vorsieht.  <br\/>Der EIGENT\u00dcMER DER WEBSITE beabsichtigt nur, Daten auszutauschen oder auf diese zuzugreifen, die aufgrund der Verordnung (EU) 2016\/679 des Europ\u00e4ischen Parlaments und des Rates vom 27. April 2016 (im Folgenden DSGVO) zur Erf\u00fcllung seiner Verpflichtungen mit Beh\u00f6rden, Organisationen oder Personen, die direkt mit dem EIGENT\u00dcMER der WEBSITE verbunden sind, in den F\u00e4llen, die gem\u00e4\u00df der geltenden Gesetzgebung in jedem Bereich und zu jeder Zeit erforderlich sind, oder in den F\u00e4llen, in denen er ausdr\u00fccklich zugestimmt hat, ausgetauscht werden m\u00fcssen.  <br\/>Ebenso informiert der EIGENT\u00dcMER DER WEBSITE den Nutzer dar\u00fcber, dass jede andere Daten\u00fcbertragung, die durchgef\u00fchrt werden muss, dem Nutzer gem\u00e4\u00df der DSGVO mitgeteilt wird, indem er ausdr\u00fccklich, genau und unmissverst\u00e4ndlich \u00fcber die Empf\u00e4nger der Informationen, den Zweck, f\u00fcr den die Daten bestimmt sind, die Art der \u00fcbertragenen Daten informiert wird oder, falls zutreffend, wenn die DSGVO dies vorschreibt, die spezifische, unmissverst\u00e4ndliche und informierte Zustimmung des Nutzers vorab eingeholt wird.  <br\/>Der WEBSEITENEIGENT\u00dcMER informiert den Nutzer und Kunden jedoch dar\u00fcber, dass jede Verarbeitung von pers\u00f6nlichen Daten den geltenden Datenschutzgesetzen in Europa unterliegt, die durch die DSGVO und ihre erg\u00e4nzenden und weiterentwickelten Bestimmungen festgelegt sind. In diesem Sinne ist der EIGENT\u00dcMER DER WEBSITE allein verantwortlich und garantiert die Vertraulichkeit der pers\u00f6nlichen Daten, die vom Nutzer \u00fcber die WEBSITE angefordert werden. <\/p>\n\n\n\n<h2 class=\"wp-block-heading has-custom-color-1-color has-text-color has-link-color has-retcaro-font-family wp-elements-c6c44fab353d487702121e52c39d6891\" style=\"font-size:clamp(1.743rem, 1.743rem + ((1vw - 0.2rem) * 2.095), 3rem);line-height:1\">Qualit\u00e4t der Daten<\/h2>\n\n\n\n<p>Der EIGENT\u00dcMER DER WEBSITE weist den Nutzer darauf hin, dass mit Ausnahme des Bestehens einer rechtm\u00e4\u00dfigen Vertretung kein Nutzer die Identit\u00e4t einer anderen Person verwenden und deren pers\u00f6nliche Daten weitergeben darf, so dass der Nutzer dies jederzeit ber\u00fccksichtigen muss, dass er nur pers\u00f6nliche Daten aufnehmen darf, die seiner eigenen Identit\u00e4t entsprechen, und dass diese Daten angemessen, relevant, aktuell, genau und wahr sein m\u00fcssen.  <br\/>Zu diesem Zweck ist der Nutzer allein verantwortlich f\u00fcr alle direkten und\/oder indirekten Sch\u00e4den, die Dritten oder dem EIGENT\u00dcMER DER WEBSITE durch die Nutzung der personenbezogenen Daten einer anderen Person oder seiner eigenen personenbezogenen Daten entstehen, wenn diese falsch, fehlerhaft, veraltet, unangemessen oder irrelevant sind. Ebenso haftet der Nutzer, der die personenbezogenen Daten eines Dritten verwendet, gegen\u00fcber diesem Dritten im Rahmen der in der DSGVO festgelegten Informationspflicht f\u00fcr den Fall, dass er die personenbezogenen Daten der betroffenen Person nicht erh\u00e4lt und\/oder f\u00fcr die Folgen, die sich aus der unterlassenen Information ergeben. <\/p>\n\n\n\n<h2 class=\"wp-block-heading has-custom-color-1-color has-text-color has-link-color has-retcaro-font-family wp-elements-610ea30f0ac4ed333d71500454b7a062\" style=\"font-size:clamp(1.743rem, 1.743rem + ((1vw - 0.2rem) * 2.095), 3rem);line-height:1\">Aus\u00fcbung von Rechten<\/h2>\n\n\n\n<p>Aus\u00fcbung des Rechts auf Zugang, Berichtigung, Einschr\u00e4nkung der Verarbeitung, \u00dcbertragbarkeit, L\u00f6schung, Widerspruch gegen die Verarbeitung und L\u00f6schung von Daten <br\/>Der WEBSEITENEIGENT\u00dcMER informiert den Nutzer \u00fcber die M\u00f6glichkeit, sein Recht auf Zugang, Berichtigung, Einschr\u00e4nkung der Verarbeitung, \u00dcbertragbarkeit, Widerspruch gegen die Verarbeitung und L\u00f6schung von Daten auszu\u00fcben, sowie \u00fcber die M\u00f6glichkeit, eine Beschwerde an die Aufsichtsbeh\u00f6rde zu richten, Der Nutzer hat das Recht, eine Beschwerde bei der Aufsichtsbeh\u00f6rde einzureichen, indem er sich schriftlich an den EIGENT\u00dcMER DER WEBSITE unter der oben genannten Postanschrift oder E-Mail-Adresse wendet und in beiden F\u00e4llen eine Kopie seines Personalausweises beif\u00fcgt.<\/p>\n\n\n\n<h2 class=\"wp-block-heading has-custom-color-1-color has-text-color has-link-color has-retcaro-font-family wp-elements-0faacd54900a52d2b83109789c7643eb\" style=\"font-size:clamp(1.743rem, 1.743rem + ((1vw - 0.2rem) * 2.095), 3rem);line-height:1\">Kontaktformulare<\/h2>\n\n\n\n<p>Verwendung von Formularen zur Erhebung personenbezogener Daten <br\/>In den auf der WEBSITE vorhandenen Kontaktformularen, in denen personenbezogene Daten erhoben werden, muss der Nutzer vor dem Absenden ausdr\u00fccklich der Annahme und Kenntnisnahme der Datenschutzrichtlinie zustimmen, indem er das Kontrollk\u00e4stchen &#8222;Ich habe die Datenschutzrichtlinie\/-charta gelesen und akzeptiere sie&#8220; ausf\u00fcllt, deren Inhalt \u00fcber den beigef\u00fcgten Link zug\u00e4nglich ist, der zu diesen Impressen und\/oder der Datenschutzrichtlinie f\u00fchrt. Wenn der Nutzer das Kontrollfeld nicht markiert, werden die in diesen Formularen enthaltenen Daten nicht gesendet. <\/p>\n\n\n\n<h2 class=\"wp-block-heading has-custom-color-1-color has-text-color has-link-color has-retcaro-font-family wp-elements-384abdcb462b9887b5df276d4db62c87\" style=\"font-size:clamp(1.743rem, 1.743rem + ((1vw - 0.2rem) * 2.095), 3rem);line-height:1\">Sicherheitsma\u00dfnahmen<\/h2>\n\n\n\n<p>Sicherheitsma\u00dfnahmen im Zusammenhang mit der Verarbeitung personenbezogener Daten <br\/>Der WEBSEITENEIGENT\u00dcMER informiert den Nutzer, dass er gem\u00e4\u00df den Bestimmungen der DSGVO die notwendigen technischen und organisatorischen Ma\u00dfnahmen ergriffen hat, um die Sicherheit der personenbezogenen Daten zu gew\u00e4hrleisten und eine \u00c4nderung, einen Verlust, eine Verarbeitung oder einen nicht autorisierten Zugriff zu verhindern, wobei der Stand der Technik, die Art der gespeicherten Daten und die Risiken, denen sie ausgesetzt sind, ber\u00fccksichtigt werden. Ebenso verpflichtet sich der EIGENT\u00dcMER DER WEBSITE gegen\u00fcber den Nutzern, seine Verpflichtungen zur Wahrung des Berufsgeheimnisses in Bezug auf die pers\u00f6nlichen Daten der Nutzer sowie seine Verpflichtungen zur Sicherung dieser Daten einzuhalten. <\/p>\n\n\n\n<h2 class=\"wp-block-heading has-custom-color-1-color has-text-color has-link-color has-retcaro-font-family wp-elements-ebaaddfef65e3205402efb905dfa57fc\" style=\"font-size:clamp(1.743rem, 1.743rem + ((1vw - 0.2rem) * 2.095), 3rem);line-height:1\">Weitere Informationen<\/h2>\n\n\n\n<p>Weitere Informationen \u00fcber die Datenschutzrichtlinie.  <br\/>Wenn Sie weitere Informationen \u00fcber unsere Datenschutzrichtlinie w\u00fcnschen, k\u00f6nnen Sie auf die Links unten auf der Seite &#8222;Datenschutzrichtlinie&#8220; und &#8222;Cookie-Richtlinie&#8220; auf unserer Website klicken.<\/p>\n\n\n\n<div style=\"height:100px\" aria-hidden=\"true\" class=\"wp-block-spacer gt-hide-mobile\"><\/div>\n<\/section>\n","protected":false},"excerpt":{"rendered":"<p>Datenschutzrichtlinie EIGENT\u00dcMER DER WEBSEITE: SARL LA CHALEYSSINOISE WEBSEITE: grand-cerf.geek-tonic.dev Entdecken Sie alle unsere Informationen \u00fcber den EIGENT\u00dcMER DER WEBSITE auf der Seite Impressum. Der WEBSEITENEIGENT\u00dcMER m\u00f6chte die Benutzer und Kunden seiner Webseite dar\u00fcber informieren, dass die Politik in Bezug auf die Verarbeitung und den Schutz der pers\u00f6nlichen Daten von Personen, die freiwillig die Kontaktformulare benutzen, [&hellip;]<\/p>\n","protected":false},"author":1,"featured_media":3913,"parent":0,"menu_order":0,"comment_status":"closed","ping_status":"open","template":"","meta":{"_seopress_robots_primary_cat":"","_seopress_titles_title":"Datenschutzrichtlinie","_seopress_titles_desc":"","_seopress_robots_index":"yes","_gt_ctv_global_id":"","_gt_ctv_id_group":false,"inline_featured_image":false,"gt_fse_maillage_image":"https:\/\/grand-cerf.geek-tonic.dev\/wp-content\/uploads\/2026\/04\/politique-de-confidentialite-camping-grand-cerf.jpg","gt_fse_maillage_titre":"Datenschutzrichtlinie","gt_fse_maillage_alt":"Datenschutzerkl\u00e4rung Camping Grand Cerf","gt_fse_maillage_resume":"","footnotes":""},"categories":[],"tags":[],"class_list":["post-3912","page","type-page","status-publish","has-post-thumbnail","hentry"],"_links":{"self":[{"href":"https:\/\/grand-cerf.geek-tonic.dev\/de\/wp-json\/wp\/v2\/pages\/3912","targetHints":{"allow":["GET"]}}],"collection":[{"href":"https:\/\/grand-cerf.geek-tonic.dev\/de\/wp-json\/wp\/v2\/pages"}],"about":[{"href":"https:\/\/grand-cerf.geek-tonic.dev\/de\/wp-json\/wp\/v2\/types\/page"}],"author":[{"embeddable":true,"href":"https:\/\/grand-cerf.geek-tonic.dev\/de\/wp-json\/wp\/v2\/users\/1"}],"replies":[{"embeddable":true,"href":"https:\/\/grand-cerf.geek-tonic.dev\/de\/wp-json\/wp\/v2\/comments?post=3912"}],"version-history":[{"count":5,"href":"https:\/\/grand-cerf.geek-tonic.dev\/de\/wp-json\/wp\/v2\/pages\/3912\/revisions"}],"predecessor-version":[{"id":4501,"href":"https:\/\/grand-cerf.geek-tonic.dev\/de\/wp-json\/wp\/v2\/pages\/3912\/revisions\/4501"}],"wp:featuredmedia":[{"embeddable":true,"href":"https:\/\/grand-cerf.geek-tonic.dev\/de\/wp-json\/wp\/v2\/media\/3913"}],"wp:attachment":[{"href":"https:\/\/grand-cerf.geek-tonic.dev\/de\/wp-json\/wp\/v2\/media?parent=3912"}],"wp:term":[{"taxonomy":"category","embeddable":true,"href":"https:\/\/grand-cerf.geek-tonic.dev\/de\/wp-json\/wp\/v2\/categories?post=3912"},{"taxonomy":"post_tag","embeddable":true,"href":"https:\/\/grand-cerf.geek-tonic.dev\/de\/wp-json\/wp\/v2\/tags?post=3912"}],"curies":[{"name":"wp","href":"https:\/\/api.w.org\/{rel}","templated":true}]}}